{"id":2,"date":"2015-12-08T14:33:47","date_gmt":"2015-12-08T13:33:47","guid":{"rendered":"http:\/\/linetchanvrebio.org\/?page_id=2"},"modified":"2026-03-05T14:31:42","modified_gmt":"2026-03-05T13:31:42","slug":"qsn","status":"publish","type":"page","link":"https:\/\/linetchanvrebio.org\/index.php\/qsn\/","title":{"rendered":"Qui sommes-nous ?"},"content":{"rendered":"\n<hr class=\"wp-block-separator has-text-color has-css-opacity has-background is-style-dots\" style=\"background-color:#96aee4;color:#96aee4\"\/>\n\n\n\n<h2 class=\"wp-block-heading alignwide has-text-align-left has-off-white-background-color has-background\">Cr\u00e9ation en juin 2013<\/h2>\n\n\n\n<p><strong>L\u2019association Lin et Chanvre Bio a \u00e9t\u00e9 cr\u00e9\u00e9e en juin 2013, \u00e0 l\u2019initiative des producteurs et transformateurs de lin et de chanvre biologiques.<\/strong><\/p>\n\n\n\n<p>Elle dispose de trois coll\u00e8ges de membres&nbsp;:<\/p>\n\n\n\n<p>\u2192 Les agriculteurs en agriculture biologique, en conversion ou en conventionnel,<\/p>\n\n\n\n<p>\u2192 Les entreprises&nbsp; de transformation textile (coop\u00e9ratives et entreprises priv\u00e9es de teillage, filateurs, tisseurs\/tricoteurs, confectionneurs, \u2026.),<\/p>\n\n\n\n<p>\u2192 Les personnes de la soci\u00e9t\u00e9 civile, associations et les institutions partenaires.<\/p>\n\n\n\n<p class=\"has-text-align-center\" style=\"font-size:31px\"><mark style=\"background-color:rgba(0, 0, 0, 0);color:#cb881b\" class=\"has-inline-color\">Le conseil d&rsquo;administration<\/mark><\/p>\n\n\n\n<p id=\"conseil_administration\"><strong>Bureau<\/strong> :<\/p>\n\n\n\n<figure class=\"wp-block-gallery has-nested-images columns-default is-cropped wp-block-gallery-1 is-layout-flex wp-block-gallery-is-layout-flex\">\n<figure class=\"wp-block-image size-large is-style-default\"><img loading=\"lazy\" decoding=\"async\" width=\"1024\" height=\"1024\" data-id=\"68748\" src=\"https:\/\/linetchanvrebio.org\/wp-content\/uploads\/0434_LCBio-435-1024x1024.jpg\" alt=\"\" class=\"wp-image-68748\" srcset=\"https:\/\/linetchanvrebio.org\/wp-content\/uploads\/0434_LCBio-435-1024x1024.jpg 1024w, https:\/\/linetchanvrebio.org\/wp-content\/uploads\/0434_LCBio-435-300x300.jpg 300w, https:\/\/linetchanvrebio.org\/wp-content\/uploads\/0434_LCBio-435-150x150.jpg 150w, https:\/\/linetchanvrebio.org\/wp-content\/uploads\/0434_LCBio-435-768x768.jpg 768w, https:\/\/linetchanvrebio.org\/wp-content\/uploads\/0434_LCBio-435-1536x1536.jpg 1536w, https:\/\/linetchanvrebio.org\/wp-content\/uploads\/0434_LCBio-435.jpg 1862w\" sizes=\"auto, (max-width: 1024px) 100vw, 1024px\" \/><figcaption class=\"wp-element-caption\">Dominique BAUBION,<strong>&nbsp;<\/strong><br><strong>Pr\u00e9sident,&nbsp;Agriculteur,<\/strong>&nbsp;<br><a href=\"https:\/\/www.natureo-bio.fr\/producteurs\/baubion\/\"><mark style=\"background-color:rgba(0, 0, 0, 0);color:#cb881b\" class=\"has-inline-color\"><strong>Ferme Baubion<\/strong><\/mark><\/a><\/figcaption><\/figure>\n\n\n\n<figure class=\"wp-block-image size-large\"><img loading=\"lazy\" decoding=\"async\" width=\"403\" height=\"395\" data-id=\"68407\" src=\"https:\/\/linetchanvrebio.org\/wp-content\/uploads\/Meline-Schmit-photo-5.png\" alt=\"\" class=\"wp-image-68407\" srcset=\"https:\/\/linetchanvrebio.org\/wp-content\/uploads\/Meline-Schmit-photo-5.png 403w, https:\/\/linetchanvrebio.org\/wp-content\/uploads\/Meline-Schmit-photo-5-300x294.png 300w, https:\/\/linetchanvrebio.org\/wp-content\/uploads\/Meline-Schmit-photo-5-150x147.png 150w\" sizes=\"auto, (max-width: 403px) 100vw, 403px\" \/><figcaption class=\"wp-element-caption\">M\u00e9line Schmit, <br><strong>Agricultrice <\/strong>(14)<\/figcaption><\/figure>\n\n\n\n<figure class=\"wp-block-image size-large\"><img loading=\"lazy\" decoding=\"async\" width=\"464\" height=\"480\" data-id=\"2273\" src=\"https:\/\/linetchanvrebio.org\/wp-content\/uploads\/Capture-decran-2021-03-03-a-14.21.59-1.png\" alt=\"\" class=\"wp-image-2273\" srcset=\"https:\/\/linetchanvrebio.org\/wp-content\/uploads\/Capture-decran-2021-03-03-a-14.21.59-1.png 464w, https:\/\/linetchanvrebio.org\/wp-content\/uploads\/Capture-decran-2021-03-03-a-14.21.59-1-290x300.png 290w, https:\/\/linetchanvrebio.org\/wp-content\/uploads\/Capture-decran-2021-03-03-a-14.21.59-1-145x150.png 145w\" sizes=\"auto, (max-width: 464px) 100vw, 464px\" \/><figcaption class=\"wp-element-caption\">Jacques FOLLET,<strong>&nbsp;<\/strong><br><strong>Vice-pr\u00e9sident Fili\u00e8re,&nbsp;<a href=\"https:\/\/www.facebook.com\/lespresdartemare\/\"><mark style=\"background-color:rgba(0, 0, 0, 0);color:#cb881b\" class=\"has-inline-color\">Les Pr\u00e9s d&rsquo;Artemare<\/mark><\/a><\/strong><\/figcaption><\/figure>\n<\/figure>\n\n\n\n<figure class=\"wp-block-gallery has-nested-images columns-default is-cropped wp-block-gallery-2 is-layout-flex wp-block-gallery-is-layout-flex\">\n<figure class=\"wp-block-image size-large\"><img loading=\"lazy\" decoding=\"async\" width=\"446\" height=\"479\" data-id=\"68397\" src=\"https:\/\/linetchanvrebio.org\/wp-content\/uploads\/Franck-Durocher-photo-2.png\" alt=\"\" class=\"wp-image-68397\" srcset=\"https:\/\/linetchanvrebio.org\/wp-content\/uploads\/Franck-Durocher-photo-2.png 446w, https:\/\/linetchanvrebio.org\/wp-content\/uploads\/Franck-Durocher-photo-2-279x300.png 279w, https:\/\/linetchanvrebio.org\/wp-content\/uploads\/Franck-Durocher-photo-2-140x150.png 140w\" sizes=\"auto, (max-width: 446px) 100vw, 446px\" \/><figcaption class=\"wp-element-caption\">Franck DUROCHER, <br><strong>Vice-Pr\u00e9sident Lin Bio, Agriculteur<\/strong> (14)<\/figcaption><\/figure>\n\n\n\n<figure class=\"wp-block-image size-large\"><img loading=\"lazy\" decoding=\"async\" width=\"792\" height=\"792\" data-id=\"68398\" src=\"https:\/\/linetchanvrebio.org\/wp-content\/uploads\/Henri-Pomikal-2.jpg\" alt=\"\" class=\"wp-image-68398\" srcset=\"https:\/\/linetchanvrebio.org\/wp-content\/uploads\/Henri-Pomikal-2.jpg 792w, https:\/\/linetchanvrebio.org\/wp-content\/uploads\/Henri-Pomikal-2-300x300.jpg 300w, https:\/\/linetchanvrebio.org\/wp-content\/uploads\/Henri-Pomikal-2-150x150.jpg 150w, https:\/\/linetchanvrebio.org\/wp-content\/uploads\/Henri-Pomikal-2-768x768.jpg 768w\" sizes=\"auto, (max-width: 792px) 100vw, 792px\" \/><figcaption class=\"wp-element-caption\">Henri POMIKAL, <strong>Vice-Pr\u00e9sident Chanvre Textile<\/strong>, SCEA Pomikal<\/figcaption><\/figure>\n\n\n\n<figure class=\"wp-block-image size-large\"><img loading=\"lazy\" decoding=\"async\" width=\"1024\" height=\"1024\" data-id=\"68399\" src=\"https:\/\/linetchanvrebio.org\/wp-content\/uploads\/Olivier-Guillaume-1024x1024.jpg\" alt=\"\" class=\"wp-image-68399\" srcset=\"https:\/\/linetchanvrebio.org\/wp-content\/uploads\/Olivier-Guillaume-1024x1024.jpg 1024w, https:\/\/linetchanvrebio.org\/wp-content\/uploads\/Olivier-Guillaume-300x300.jpg 300w, https:\/\/linetchanvrebio.org\/wp-content\/uploads\/Olivier-Guillaume-150x150.jpg 150w, https:\/\/linetchanvrebio.org\/wp-content\/uploads\/Olivier-Guillaume-768x768.jpg 768w, https:\/\/linetchanvrebio.org\/wp-content\/uploads\/Olivier-Guillaume-1536x1536.jpg 1536w, https:\/\/linetchanvrebio.org\/wp-content\/uploads\/Olivier-Guillaume-2048x2048.jpg 2048w\" sizes=\"auto, (max-width: 1024px) 100vw, 1024px\" \/><figcaption class=\"wp-element-caption\">Olivier GUILLAUME, <br>CEO <a href=\"https:\/\/www.lambrecht.pl\/\"><strong>filature Lambretch<\/strong><\/a><\/figcaption><\/figure>\n<\/figure>\n\n\n\n<p><strong>Membres du conseil d&rsquo;administration :<\/strong><\/p>\n\n\n\n<p><\/p>\n\n\n\n<ul class=\"wp-block-list\">\n<li>Pauline BEUZELIN, Atelier de confection en lin en circuit-court,<a href=\"https:\/\/www.mijuin.fr\/?srsltid=AfmBOoqKCtxQWQOm_KrXhjoKarNmjg2aoelRxEQ9HAaw2-imF78qjQAP\"> <\/a><a href=\"https:\/\/www.mijuin.fr\/\" data-type=\"URL\" data-id=\"https:\/\/www.mijuin.fr\/\">Mijuin<\/a><\/li>\n\n\n\n<li>Thierry BONHOMME, Teinturier et Cr\u00e9ateur, <a href=\"https:\/\/www.couleur-chanvre.com\/\" data-type=\"URL\" data-id=\"https:\/\/www.couleur-chanvre.com\/\">Couleur Chanvre<\/a><\/li>\n\n\n\n<li>Edouard DECOCK, Teillage, <a href=\"https:\/\/teillagejeandecock.business.site\/\" data-type=\"URL\" data-id=\"https:\/\/teillagejeandecock.business.site\/\">Teillage SA Jean Decock<\/a><\/li>\n\n\n\n<li>Gaetan DELACROIX, agriculteur <a href=\"https:\/\/www.fermedebonnetot.com\/fr\/\">La Ferme de Bonnet\u00f4t<\/a><\/li>\n\n\n\n<li>Simon DELETAIN, Teillage, <a rel=\"noreferrer noopener\" href=\"https:\/\/www.linkedin.com\/company\/etablissements-devogele\/posts\/?feedView=all\" data-type=\"URL\" data-id=\"https:\/\/www.linkedin.com\/company\/etablissements-devogele\/posts\/?feedView=all\" target=\"_blank\">Teillage Devogele<\/a><\/li>\n\n\n\n<li>Xavier DENIS, porteur du projet de filature LINFINI<\/li>\n\n\n\n<li>Valentine DONCK, Association belge &#8211; d\u00e9veloppement du chanvre, <a href=\"https:\/\/www.valbiom.be\/\" data-type=\"URL\" data-id=\"https:\/\/www.valbiom.be\/\">Valbiom<\/a><\/li>\n\n\n\n<li>Laure ISSAURAT, Agricultrice, <a href=\"https:\/\/lafermedekerbleust.bzh\/\" data-type=\"URL\" data-id=\"https:\/\/lafermedekerbleust.bzh\/\">Ferme de KERBLEUST<\/a><\/li>\n\n\n\n<li>Franck JUBERT, SCEA Jubert &#8211; Liniculteur Bio (77)<\/li>\n\n\n\n<li>Margaux LAMOURELLE, Association <a href=\"https:\/\/aura-chanvre.fr\/\">AURA CHANVRE<\/a><\/li>\n\n\n\n<li>Marion LEMAIRE, sp\u00e9cialiste du textile MIF<\/li>\n\n\n\n<li>Olivier LEVASSEUR, Courtier lin<\/li>\n\n\n\n<li>Adrien SALMON, directeur de <a href=\"https:\/\/www.safilin.fr\/\">SAFILIN<\/a><\/li>\n<\/ul>\n\n\n\n<hr class=\"wp-block-separator has-text-color has-css-opacity has-background is-style-dots\" style=\"background-color:#96aee4;color:#96aee4\"\/>\n\n\n\n<p class=\"has-text-align-center\" id=\"objectifs_asso\" style=\"font-size:31px\"><mark style=\"background-color:rgba(0, 0, 0, 0);color:#cb881b\" class=\"has-inline-color\">Les objectifs de l&rsquo;association<\/mark><\/p>\n\n\n\n<ul class=\"wp-block-list\">\n<li>Cr\u00e9er un espace d\u2019\u00e9change sur les savoir-faire et itin\u00e9raires de la culture du lin fibre en agriculture biologique,<\/li>\n\n\n\n<li>Contribuer \u00e0 l&rsquo;augmentation des surfaces de lin textile en agriculture biologique pour une ad\u00e9quation des assolements avec la demande du march\u00e9,<\/li>\n\n\n\n<li>Conduire un programme de Recherche &amp; D\u00e9veloppement sur la production de chanvre textile,<\/li>\n\n\n\n<li>Construire et p\u00e9renniser une fili\u00e8re chanvre textile<strong> en conventionnel et en bio<\/strong> sur le mod\u00e8le du lin,<\/li>\n\n\n\n<li>Promouvoir le lin textile biologique et le chanvre aupr\u00e8s de toute la fili\u00e8re,<\/li>\n\n\n\n<li>Favoriser la transparence des prix pay\u00e9s au producteur,<\/li>\n\n\n\n<li>Travailler \u00e0 l&rsquo;\u00e9mergence d&rsquo;une fili\u00e8re relocalis\u00e9e,<br><br><\/li>\n<\/ul>\n\n\n\n<p class=\"has-text-align-center\" id=\"activit\u00e9s_annuelles\" style=\"font-size:31px\"><mark style=\"background-color:rgba(0, 0, 0, 0);color:#cb881b\" class=\"has-inline-color\">Nos activit\u00e9s pour l&rsquo;ann\u00e9e 2026<\/mark><\/p>\n\n\n\n<p><mark style=\"background-color:rgba(0, 0, 0, 0);color:#96aee4\" class=\"has-inline-color\">Pour le lin :<\/mark><\/p>\n\n\n\n<ul class=\"wp-block-list\">\n<li>Informer et accompagner techniquement les nouveaux producteurs de lin bio :&nbsp; r\u00e9unions techniques et visites de parcelles sur les bassins&nbsp;liniers (Normandie, Hauts de France et Ile de France),<\/li>\n\n\n\n<li>Produire et diffuser des documents techniques lin bio (t\u00e9moignages d&rsquo;agriculteurs, exp\u00e9rimentations en lin bio d&rsquo;hiver&#8230;),<\/li>\n\n\n\n<li>Travailler \u00e0 s\u00e9curiser l&rsquo;approvisionnement en lin bio d&rsquo;une fili\u00e8re textile relocalis\u00e9e, par le biais de contrat entre acteurs depuis le champ jusqu&rsquo;\u00e0 la filature,<\/li>\n\n\n\n<li>Organiser des moments de Rencontres Interprofessionnelles,<\/li>\n\n\n\n<li>Participer \u00e0 des salons professionnels et grand public,<\/li>\n\n\n\n<li>Former un public scolaire agricole,<\/li>\n\n\n\n<li>Organiser des visites pour des lyc\u00e9ens, \u00e9tudiants, groupe d&rsquo;agriculteurs, professionnels de la mode, &#8230;<\/li>\n<\/ul>\n\n\n\n<p><mark style=\"background-color:rgba(0, 0, 0, 0);color:#496d3b\" class=\"has-inline-color\">Pour le chanvre :<\/mark><\/p>\n\n\n\n<ul class=\"wp-block-list\">\n<li>D\u00e9velopper les surfaces en chanvre textile en lien avec les teilleurs et l&rsquo;entreprise Hyler gr\u00e2ce au prototype de r\u00e9colte Hyler Sativa 200 d\u00e9velopp\u00e9 en 2021, en partenariat avec la R\u00e9gion Normandie et la Lini\u00e8re du Nord de Caen, ainsi que le soutien du programme Interreg Europe du Nord-Ouest,<\/li>\n\n\n\n<li>Affiner la ma\u00eetrise des diff\u00e9rentes op\u00e9rations au champ (temps de rouissage, retournement, etc.),<\/li>\n\n\n\n<li>Assurer le suivi de teillage, filature, tissage, tricotage sur le chanvre r\u00e9colt\u00e9 en essais,<\/li>\n\n\n\n<li>Mener des essais au champ pour tester la succession culturale textile chanvre-lin,<\/li>\n\n\n\n<li>Participer aux tests et am\u00e9liorations des vari\u00e9t\u00e9s adapt\u00e9es au chanvre textile en partenariat avec&nbsp;la Lini\u00e8re du Nord de Caen, le semencier Hemp it, le filateur Nat&rsquo;Up, l\u2019\u00c9cole nationale d\u2019ing\u00e9nieur de Tarbes,<\/li>\n\n\n\n<li>\u00c9valuer la viabilit\u00e9 \u00e9conomique pour l\u2019ensemble de la fili\u00e8re,<\/li>\n\n\n\n<li>F\u00e9d\u00e9rer et \u00e9changer avec les autres projets chanvre textile fran\u00e7ais et europ\u00e9ens et notamment les travaux men\u00e9s en Nouvelle Aquitaine, en Belgique, aux Pays-Bas et en Allemagne.<\/li>\n<\/ul>\n","protected":false},"excerpt":{"rendered":"<p>Cr\u00e9ation en juin 2013 L\u2019association Lin et Chanvre Bio a \u00e9t\u00e9 cr\u00e9\u00e9e en juin 2013, \u00e0 l\u2019initiative des producteurs et transformateurs de lin et de chanvre biologiques. Elle dispose de trois coll\u00e8ges de membres&nbsp;: \u2192 Les agriculteurs en agriculture biologique, en conversion ou en conventionnel, \u2192 Les entreprises&nbsp; de transformation textile (coop\u00e9ratives et entreprises priv\u00e9es &hellip; <a href=\"https:\/\/linetchanvrebio.org\/index.php\/qsn\/\" class=\"more-link\">Continuer la lecture de <span class=\"screen-reader-text\">Qui sommes-nous ?<\/span> <span class=\"meta-nav\">&rarr;<\/span><\/a><\/p>\n","protected":false},"author":31,"featured_media":0,"parent":0,"menu_order":0,"comment_status":"closed","ping_status":"open","template":"","meta":{"footnotes":""},"class_list":["post-2","page","type-page","status-publish","hentry"],"_links":{"self":[{"href":"https:\/\/linetchanvrebio.org\/index.php\/wp-json\/wp\/v2\/pages\/2","targetHints":{"allow":["GET"]}}],"collection":[{"href":"https:\/\/linetchanvrebio.org\/index.php\/wp-json\/wp\/v2\/pages"}],"about":[{"href":"https:\/\/linetchanvrebio.org\/index.php\/wp-json\/wp\/v2\/types\/page"}],"author":[{"embeddable":true,"href":"https:\/\/linetchanvrebio.org\/index.php\/wp-json\/wp\/v2\/users\/31"}],"replies":[{"embeddable":true,"href":"https:\/\/linetchanvrebio.org\/index.php\/wp-json\/wp\/v2\/comments?post=2"}],"version-history":[{"count":54,"href":"https:\/\/linetchanvrebio.org\/index.php\/wp-json\/wp\/v2\/pages\/2\/revisions"}],"predecessor-version":[{"id":69029,"href":"https:\/\/linetchanvrebio.org\/index.php\/wp-json\/wp\/v2\/pages\/2\/revisions\/69029"}],"wp:attachment":[{"href":"https:\/\/linetchanvrebio.org\/index.php\/wp-json\/wp\/v2\/media?parent=2"}],"curies":[{"name":"wp","href":"https:\/\/api.w.org\/{rel}","templated":true}]}}